{"id":58,"date":"2015-08-10T13:41:09","date_gmt":"2015-08-10T13:41:09","guid":{"rendered":"http:\/\/musicamaris.de\/?page_id=58"},"modified":"2016-04-04T06:33:35","modified_gmt":"2016-04-04T06:33:35","slug":"2015-2","status":"publish","type":"page","link":"https:\/\/musicamaris.de\/?page_id=58","title":{"rendered":"2015"},"content":{"rendered":"<div class=\"wc-shortcodes-accordion wc-shortcodes-item wc-shortcodes-accordion-collapse wc-shortcodes-accordion-layout-box\" data-behavior=\"leaveopen\" data-start-state=\"collapse\">\n<div class=\"wc-shortcodes-accordion-trigger \"><a href=\"#\">PeripherSessions | vielmanz\u00b4| Donnerstag, 03.12.15<\/a><\/div>\n<div class=\"wc-shortcodes-accordion-content-wrapper\">\n<div class=\"wc-shortcodes-accordion-content wc-shortcodes-content\">\n<div class=\"wc-shortcodes-row wc-shortcodes-item wc-shortcodes-clearfix\">\n<div class=\"wc-shortcodes-column wc-shortcodes-content wc-shortcodes-one-half wc-shortcodes-column-first \">\n<p><img decoding=\"async\" loading=\"lazy\" class=\"alignnone wp-image-176\" src=\"http:\/\/musicamaris.de\/wp-content\/uploads\/2015\/08\/V1_Musica-Maris_vielmanz-2015-web.jpg\" alt=\"V1_Musica-Maris_vielmanz-2015-web\" width=\"391\" height=\"355\" srcset=\"https:\/\/musicamaris.de\/wp-content\/uploads\/2015\/08\/V1_Musica-Maris_vielmanz-2015-web.jpg 600w, https:\/\/musicamaris.de\/wp-content\/uploads\/2015\/08\/V1_Musica-Maris_vielmanz-2015-web-200x181.jpg 200w, https:\/\/musicamaris.de\/wp-content\/uploads\/2015\/08\/V1_Musica-Maris_vielmanz-2015-web-300x272.jpg 300w\" sizes=\"(max-width: 391px) 100vw, 391px\" \/><\/p>\n<\/div>\n<div class=\"wc-shortcodes-column wc-shortcodes-content wc-shortcodes-one-half wc-shortcodes-column-last \">\n<h3>vielmanz\u00b4<\/h3>\n<p>Klick klack sagt die Uhr\u2026<br \/>\n\u201eH\u00f6chste Zeit mal zu verstehen, so kann es nicht weitergehen\u201c! Es geht aber weiter &#8211; denn das Leben dreht sich wie ein Zauberkreisel &#8211; hin und her, kreuz und quer, und irgendwann ist man endlich wieder \u201ezur\u00fcck von weg\u201c.<\/p>\n<p>Um Tr\u00e4umen und Hoffen, Freud und Leid, Liebe und Einsamkeit geht es in den St\u00fccken des seit vielen Jahren als Barbetreiber (die Tanke) und Veranstalter (u.a. Tempel-Club) am Bodensee lebenden Berliners vielmanz.<\/p>\n<p>Die Texte sind oft mit einem Augenzwinkern versehen, ebenso die Musik, die im Songwriter-Pop-\u00adModus, subtil und auf ganz eigene Weise mit den verschiedenen Genren und Stilen spielt.<\/p>\n<p>Live, zusammen mit den Musikern der nature band, wird Atmosph\u00e4re, wird eine Welt geschaffen in die man sich fallen -\u00ad sich entf\u00fchren lassen kann, eine, vielleicht etwas eigene, \u201evielmanz\u00b4-\u00adWelt\u201c.<\/p>\n<p>Das Album: \u201ezur\u00fcck von weg\u201c produziert u. aufgenommen von Frederic Janz (Fonojet Audio in Berlin) erscheint demn\u00e4chst.<\/p>\n<p><a href=\"http:\/\/vielmanz.de\/\" target=\"_blank\">www.vielmanz.de<\/a><\/p>\n<h4>03.12.2015 um 20.00 Uhr im Bokle Radolfzell<\/h4>\n<\/div>\n<\/div>\n<\/div>\n<\/div>\n<div class=\"wc-shortcodes-accordion-trigger \"><a href=\"#\">PeripherSessions | Micah Shemaiah| Donnerstag, 05.11.15<\/a><\/div>\n<div class=\"wc-shortcodes-accordion-content-wrapper\">\n<div class=\"wc-shortcodes-accordion-content wc-shortcodes-content\">\n<div class=\"wc-shortcodes-row wc-shortcodes-item wc-shortcodes-clearfix\">\n<div class=\"wc-shortcodes-column wc-shortcodes-content wc-shortcodes-one-half wc-shortcodes-column-first \">\n<p><img decoding=\"async\" loading=\"lazy\" class=\"alignnone wp-image-166\" src=\"http:\/\/musicamaris.de\/wp-content\/uploads\/2015\/10\/Micah-Shemaiah-official-pic-web.jpg\" alt=\"Micah-Shemaiah-official-pic-web\" width=\"332\" height=\"453\" \/><\/p>\n<\/div>\n<div class=\"wc-shortcodes-column wc-shortcodes-content wc-shortcodes-one-half wc-shortcodes-column-last \">\n<h3>Micah Shemaiah<\/h3>\n<p>Micah Shemaiah z\u00e4hlt zu den aufstrebenden, jungen Wilden in Jamaicas Reggaeszene.<br \/>\nGepr\u00e4gt vom traditionellen Roots-Reggae l\u00e4sst er sich<br \/>\nvon verschiedensten anderen Musikgenres inspirieren, um seinen individuellen Schreibstil zu entwickeln.<\/p>\n<p>Untermauert von seiner kraftvollen, markanten Stimme entsteht so sein einzigartiger, pers\u00f6nlicher Sound, der ihm zun\u00e4chst den Durchbruch in Jamaica und erste Erfolge in den USA einbrachte.<\/p>\n<p>2015 liegt sein Tourneeschwerpunkt auf Europa, wo er bereits bei allen gro\u00dfen Reggae-Festivals bleibenden Eindruck hinterlassen hat.<\/p>\n<p>Musica maris pr\u00e4sentiert exclusiv Micah Shemaiah\u2019s S\u00fcddeutschland-Premiere im Rahmen der PeripherSessions 2015.<\/p>\n<p><a href=\"https:\/\/soundcloud.com\/micah-shemaiah\" target=\"_blank\">https:\/\/soundcloud.com\/micah-shemaiah<\/a><\/p>\n<h4>05.11.2015 um 20.00 Uhr im Bokle Radolfzell\u00a0\u00a0 |\u00a0 <strong><a href=\"http:\/\/musicamaris.de\/?page_id=147\">Tickets buchen<\/a><\/strong><\/h4>\n<\/div>\n<\/div>\n<\/div>\n<\/div>\n<div class=\"wc-shortcodes-accordion-trigger \"><a href=\"#\">PeripherSessions | Philadelphia | Donnerstag, 01.10.15<\/a><\/div>\n<div class=\"wc-shortcodes-accordion-content-wrapper\">\n<div class=\"wc-shortcodes-accordion-content wc-shortcodes-content\">\n<div class=\"wc-shortcodes-row wc-shortcodes-item wc-shortcodes-clearfix\">\n<div class=\"wc-shortcodes-column wc-shortcodes-content wc-shortcodes-one-half wc-shortcodes-column-first \">\n<p><img decoding=\"async\" loading=\"lazy\" class=\"alignnone wp-image-136\" src=\"http:\/\/musicamaris.de\/wp-content\/uploads\/2015\/08\/V1-1_Musica-Maris_Philadelphia_2015_Flyer-A6-Pfade-1mm-1.jpg\" alt=\"V1-1_Musica-Maris_Philadelphia_2015_Flyer-A6-Pfade-1mm-1\" width=\"314\" height=\"436\" \/><\/p>\n<\/div>\n<div class=\"wc-shortcodes-column wc-shortcodes-content wc-shortcodes-one-half wc-shortcodes-column-last \">\n<h3>Philadelphia<\/h3>\n<p>Philadelphia vereint Afro-Soul, Reggae-Funk und Afrikanische Rhythmen; herauszuh\u00f6ren ist ein wunderbar runder Klang aus Lebensfreude und sanfter Nachdenklichkeit. Ihre Musik ist pure Emotionalit\u00e4t, welche sich in den Kompositionen ebenso widerspiegelt wie in den Texten, die autobiographisch und voller Leidenschaft sind. Philadelphia singt von Identit\u00e4t, Selbstreflektion, Verzweiflung und Wiederentdeckung. Mit grazi\u00f6ser Sinnlichkeit und swingender Leichtigkeit, mit klarer, kraftvoller Stimme und au\u00dfergew\u00f6hnlicher Ausstrahlung pr\u00e4sentiert die geb\u00fcrtige S\u00fcdafrikanerin <strong>Lieder, die unter die Haut gehen.<\/strong><\/p>\n<p><a href=\"http:\/\/philadelphia-music.de\" target=\"_blank\">http:\/\/philadelphia-music.de<\/a><\/p>\n<\/div>\n<\/div>\n<\/div>\n<\/div>\n<div class=\"wc-shortcodes-accordion-trigger \"><a href=\"#\">PeripherSessions | Carpe Noctem | Donnerstag, 03.09.15<\/a><\/div>\n<div class=\"wc-shortcodes-accordion-content-wrapper\">\n<div class=\"wc-shortcodes-accordion-content wc-shortcodes-content\">\n<div class=\"wc-shortcodes-row wc-shortcodes-item wc-shortcodes-clearfix\">\n<div class=\"wc-shortcodes-column wc-shortcodes-content wc-shortcodes-one-half wc-shortcodes-column-first \">\n<p><img decoding=\"async\" loading=\"lazy\" class=\"alignnone wp-image-99\" src=\"http:\/\/musicamaris.de\/wp-content\/uploads\/2015\/08\/V2_Musica-Maris_Carpe-Noctem-2015.jpg\" alt=\"V2_Musica-Maris_Carpe-Noctem-2015\" width=\"379\" height=\"536\" srcset=\"https:\/\/musicamaris.de\/wp-content\/uploads\/2015\/08\/V2_Musica-Maris_Carpe-Noctem-2015.jpg 566w, https:\/\/musicamaris.de\/wp-content\/uploads\/2015\/08\/V2_Musica-Maris_Carpe-Noctem-2015-142x200.jpg 142w, https:\/\/musicamaris.de\/wp-content\/uploads\/2015\/08\/V2_Musica-Maris_Carpe-Noctem-2015-212x300.jpg 212w\" sizes=\"(max-width: 379px) 100vw, 379px\" \/><\/p>\n<\/div>\n<div class=\"wc-shortcodes-column wc-shortcodes-content wc-shortcodes-one-half wc-shortcodes-column-last \">\n<h3>Carpe Noctem<\/h3>\n<div id=\"stcpDiv\">Die Musik von CARPE NOCTEM verk\u00f6rpert das Aufeinandertreffen von Klassik, Rock und Metal auf einem musikalisch anspruchsvollen Niveau. Seit 2009 sind die klassisch ausgebildeten Musiker Friedrich Busch (Violine), Cornelius Wagner (Cello), Martin Streicher (Cello), Sascha Dobschal (Bass) und Daniel Cebulla (Schlagzeug) jetzt auf den B\u00fchnen Deutschlands unterwegs.Mal rockig und groovig, mal klassisch und besinnlich und dann wieder laut und mit der metaleigenen Brutalit\u00e4t entsteht ein ganz eigenes Klangbild, welches die Band selbst als &#8218;String Metal&#8216; bezeichnet.Am 7. Mai 2010 ver\u00f6ffentlichten sie ihre erste CD: &#8218;op. 1: Obscuritas&#8216;. Ihr zweites Werk &#8218;op. 2: Allegro con fuoco&#8216; entstand im Herbst 2011 im Allorange Music Studio in Ronneburg und wurde im Februar 2012 ver\u00f6ffentlicht. &#8211; See more at: <a href=\"http:\/\/carpenoctemband.de\" target=\"_blank\">http:\/\/carpenoctemband.de<\/a><\/div>\n<\/div>\n<\/div>\n<\/div>\n<\/div>\n<div class=\"wc-shortcodes-accordion-trigger \"><a href=\"#\">Jazz am Steg | Soul Eyes | Sonntag, 27.09.15<\/a><\/div>\n<div class=\"wc-shortcodes-accordion-content-wrapper\">\n<div class=\"wc-shortcodes-accordion-content wc-shortcodes-content\">\n<div class=\"wc-shortcodes-row wc-shortcodes-item wc-shortcodes-clearfix\">\n<div class=\"wc-shortcodes-column wc-shortcodes-content wc-shortcodes-one-half wc-shortcodes-column-first \">\n<p><a href=\"http:\/\/musicamaris.de\/wp-content\/uploads\/2015\/08\/Soul-Eyes01.jpg\"><img decoding=\"async\" loading=\"lazy\" class=\"alignnone wp-image-124\" src=\"http:\/\/musicamaris.de\/wp-content\/uploads\/2015\/08\/Soul-Eyes01.jpg\" alt=\"Soul Eyes01\" width=\"459\" height=\"349\" \/><\/a><\/p>\n<\/div>\n<div class=\"wc-shortcodes-column wc-shortcodes-content wc-shortcodes-one-half wc-shortcodes-column-last \">\n<h3>Soul Eyes<\/h3>\n<p>In den letzten zwei Jahrzehnten haben diese Musiker bereits in vielen verschiedenen Bands zusammen gespielt. In dieser Formation pr\u00e4sentieren sie, was ihnen besonders am Herzen liegt und in den Fingern juckt: <strong>Soulig-bluesiger Jazz mit einer guten Portion Latin.<\/strong><\/p>\n<p><em>Thomas Banholzer (tp, flh), Klaus Kn\u00f6pfle (as), Thomas Schwabe (keys), Pit Drefahl (b),<\/em><br \/>\n<em>Patrick Manzecchi (dr)<\/em><\/p>\n<\/div>\n<\/div>\n<\/div>\n<\/div>\n<div class=\"wc-shortcodes-accordion-trigger \"><a href=\"#\">Jazz am Steg | Patrick Manzecchi Trio | Sonntag, 13.09.15<\/a><\/div>\n<div class=\"wc-shortcodes-accordion-content-wrapper\">\n<div class=\"wc-shortcodes-accordion-content wc-shortcodes-content\">\n<div class=\"wc-shortcodes-row wc-shortcodes-item wc-shortcodes-clearfix\">\n<div class=\"wc-shortcodes-column wc-shortcodes-content wc-shortcodes-one-half wc-shortcodes-column-first \">\n<p><a href=\"http:\/\/musicamaris.de\/wp-content\/uploads\/2015\/08\/P-Manzecchi.jpg\"><img decoding=\"async\" loading=\"lazy\" class=\"alignnone wp-image-123 \" src=\"http:\/\/musicamaris.de\/wp-content\/uploads\/2015\/08\/P-Manzecchi-685x1024.jpg\" alt=\"P-Manzecchi\" width=\"366\" height=\"539\" \/><\/a><\/p>\n<\/div>\n<div class=\"wc-shortcodes-column wc-shortcodes-content wc-shortcodes-one-half wc-shortcodes-column-last \">\n<h3>Patrick Manzecchi Trio<\/h3>\n<p>Patrick Manzecchi aus Konstanz ist ein Musiker mit eigener Handschrift. Swing, Pers\u00f6nlichkeit und blitzschnelle Interaktion vermag der in Paris geborene Deutsch-Italiener in seine verschiedenen Projekte \u00fcberzeugend einzubinden.<br \/>\nIm Trio mit Philipp Eden und Stefan Sch\u00f6negg interpretiert er <strong>Soul Jazz und Standards<\/strong><br \/>\nmit verbl\u00fcffender Dynamik. <a href=\"http:\/\/www.manzecchi.de\">http:\/\/www.manzecchi.de<\/a><\/p>\n<p><em>Patrick Manzecchi (dr), Philipp Eden (keys), Stefan Sch\u00f6negg (b)<\/em><\/p>\n<\/div>\n<\/div>\n<\/div>\n<\/div>\n<div class=\"wc-shortcodes-accordion-trigger \"><a href=\"#\">Jazz am Steg | Paradox Jazz Band | Sonntag, 16.08.15<\/a><\/div>\n<div class=\"wc-shortcodes-accordion-content-wrapper\">\n<div class=\"wc-shortcodes-accordion-content wc-shortcodes-content\">\n<div class=\"wc-shortcodes-row wc-shortcodes-item wc-shortcodes-clearfix\">\n<div class=\"wc-shortcodes-column wc-shortcodes-content wc-shortcodes-one-half wc-shortcodes-column-first \">\n<p><a href=\"http:\/\/musicamaris.de\/wp-content\/uploads\/2015\/08\/PJB-Pressefoto-quer-Nr.-883-by-Ralph-Schoettke.jpg\"><img decoding=\"async\" loading=\"lazy\" class=\"alignnone wp-image-125\" src=\"http:\/\/musicamaris.de\/wp-content\/uploads\/2015\/08\/PJB-Pressefoto-quer-Nr.-883-by-Ralph-Schoettke.jpg\" alt=\"PJB-Pressefoto-quer-Nr.-883-by-Ralph-Schoettke\" width=\"447\" height=\"304\" \/><\/a><\/p>\n<\/div>\n<div class=\"wc-shortcodes-column wc-shortcodes-content wc-shortcodes-one-half wc-shortcodes-column-last \">\n<h3>Paradox Jazz Band<\/h3>\n<p><strong>Modern meets Classic Jazz<\/strong> &#8211; die Jazzband vom Bodensee mit zwei Bl\u00e4sern und einer Rhythmusgruppe bringt mit Spa\u00df, knarzendem Bass-Saxofon und in klassischer Spielweise den Jazz der letzten 100 Jahre vom New Orleans-Groove bis zu Stevie Wonder-Anleihen auf die B\u00fchne.<\/p>\n<p><em>Tom Banholzer (tp, flh, voc, arr), Uwe Ladwig (bsx, voc, leader), Patrick Manzecchi (dr),<\/em><br \/>\n<em>Lothar Binder (g, voc), Daniel Sernatinger (ts, voc, arr)<\/em><\/p>\n<\/div>\n<\/div>\n<\/div>\n<\/div>\n<\/div>\n","protected":false},"excerpt":{"rendered":"<p>PeripherSessions | vielmanz\u00b4| Donnerstag, 03.12.15 vielmanz\u00b4 Klick klack sagt die Uhr\u2026 \u201eH\u00f6chste Zeit mal zu verstehen, so kann es nicht weitergehen\u201c! Es geht aber weiter &#8211; denn das Leben dreht sich wie ein Zauberkreisel &#8211; hin und her, kreuz und quer, und irgendwann ist man endlich wieder \u201ezur\u00fcck von weg\u201c. Um Tr\u00e4umen und Hoffen, Freud und Leid, Liebe und Einsamkeit geht es in den St\u00fccken des seit vielen Jahren als Barbetreiber (die Tanke) und Veranstalter (u.a. Tempel-Club) am Bodensee lebenden Berliners vielmanz. Die Texte sind oft mit einem Augenzwinkern versehen, ebenso die Musik, die im Songwriter-Pop-\u00adModus, subtil und auf ganz eigene Weise mit den verschiedenen Genren und Stilen spielt. Live, <span class=\"excerpt-dots\">&hellip;<\/span> <a class=\"more-link\" href=\"https:\/\/musicamaris.de\/?page_id=58\"><span class=\"more-msg\">Weiterlesen &rarr;<\/span><\/a><\/p>\n","protected":false},"author":1,"featured_media":0,"parent":0,"menu_order":0,"comment_status":"closed","ping_status":"open","template":"","meta":[],"_links":{"self":[{"href":"https:\/\/musicamaris.de\/index.php?rest_route=\/wp\/v2\/pages\/58"}],"collection":[{"href":"https:\/\/musicamaris.de\/index.php?rest_route=\/wp\/v2\/pages"}],"about":[{"href":"https:\/\/musicamaris.de\/index.php?rest_route=\/wp\/v2\/types\/page"}],"author":[{"embeddable":true,"href":"https:\/\/musicamaris.de\/index.php?rest_route=\/wp\/v2\/users\/1"}],"replies":[{"embeddable":true,"href":"https:\/\/musicamaris.de\/index.php?rest_route=%2Fwp%2Fv2%2Fcomments&post=58"}],"version-history":[{"count":57,"href":"https:\/\/musicamaris.de\/index.php?rest_route=\/wp\/v2\/pages\/58\/revisions"}],"predecessor-version":[{"id":197,"href":"https:\/\/musicamaris.de\/index.php?rest_route=\/wp\/v2\/pages\/58\/revisions\/197"}],"wp:attachment":[{"href":"https:\/\/musicamaris.de\/index.php?rest_route=%2Fwp%2Fv2%2Fmedia&parent=58"}],"curies":[{"name":"wp","href":"https:\/\/api.w.org\/{rel}","templated":true}]}}